{"id":5738,"date":"2023-11-23T14:29:01","date_gmt":"2023-11-23T14:29:01","guid":{"rendered":"https:\/\/webiversum.de\/RDRPerformance\/?page_id=5738"},"modified":"2023-11-23T19:26:08","modified_gmt":"2023-11-23T19:26:08","slug":"datenschutz","status":"publish","type":"page","link":"https:\/\/rmr-performance.de\/index.php\/datenschutz\/","title":{"rendered":"Datenschutz"},"content":{"rendered":"<div class=\"fusion-fullwidth fullwidth-box fusion-builder-row-1 fusion-flex-container nonhundred-percent-fullwidth non-hundred-percent-height-scrolling\" style=\"--awb-border-radius-top-left:0px;--awb-border-radius-top-right:0px;--awb-border-radius-bottom-right:0px;--awb-border-radius-bottom-left:0px;\"><div class=\"fusion-builder-row fusion-row fusion-flex-align-items-flex-start\" style=\"max-width:1528.8px;margin-left: calc(-4% \/ 2 );margin-right: calc(-4% \/ 2 );\"><div class=\"fusion-layout-column fusion_builder_column fusion-builder-column-0 fusion_builder_column_1_1 1_1 fusion-flex-column\" style=\"--awb-bg-size:cover;--awb-width-large:100%;--awb-margin-top-large:0px;--awb-spacing-right-large:1.92%;--awb-margin-bottom-large:0px;--awb-spacing-left-large:1.92%;--awb-width-medium:100%;--awb-order-medium:0;--awb-spacing-right-medium:1.92%;--awb-spacing-left-medium:1.92%;--awb-width-small:100%;--awb-order-small:0;--awb-spacing-right-small:1.92%;--awb-spacing-left-small:1.92%;\"><div class=\"fusion-column-wrapper fusion-column-has-shadow fusion-flex-justify-content-flex-start fusion-content-layout-column\"><div class=\"fusion-text fusion-text-1\"><h1>Datenschutz\u00aderklaerung<\/h1>\n<h2>1. Datenschutz auf einen Blick<\/h2>\n<h3>Allgemeine Hinweise<\/h3>\n<p>Die fol\u00adgen\u00adden Hin\u00adweise geben einen ein\u00adfachen Ueberblick darue\u00adber,<br>\nwas mit Ihren per\u00adso\u00adn\u00aden\u00adbe\u00adzo\u00adge\u00adnen Dat\u00aden passiert, wenn Sie diese Web\u00adsite besuchen. Per\u00adso\u00adn\u00aden\u00adbe\u00adzo\u00adgene Dat\u00aden sind<br>\nalle Dat\u00aden, mit denen Sie per\u00ads\u00f6n\u00adlich iden\u00adti\u00adfiziert wer\u00adden koen\u00adnen. Aus\u00adf\u00fchrliche Infor\u00adma\u00adtio\u00adnen zum<br>\nThe\u00adma Daten\u00adschutz ent\u00adnehmen Sie unser\u00ader unter diesem Text aufge\u00adf\u00fchrten<br>\nDaten\u00adschutzerk\u00adlaerung.<\/p>\n<h3>Datenerfassung auf dieser Website<\/h3>\n<h4>Wer ist verantwortlich f\u00fcr die Datenerfassung auf dieser<br>\nWebsite?<\/h4>\n<p>Die Daten\u00adver\u00adar\u00adbeitung auf dieser Web\u00adsite erfol\u00adgt durch den Web\u00adsite\u00adbe\u00adtreiber. Dessen<br>\nKon\u00adtak\u00adt\u00addat\u00aden k\u00f6n\u00adnen Sie dem Abschnitt \u201eHin\u00adweis zur Ver\u00adant\u00adwortlichen Stelle\u201c in dieser<br>\nDaten\u00adschutzerk\u00adl\u00e4rung ent\u00adnehmen.<\/p>\n<h4>Wie erfassen wir Ihre Daten?<\/h4>\n<p>Ihre Dat\u00aden wer\u00adden zum<br>\neinen dadurch erhoben, dass Sie uns diese mit\u00adteilen. Hier\u00adbei kann es sich z.&nbsp;B. um Dat\u00aden han\u00addeln, die Sie in ein<br>\nKon\u00adtak\u00adt\u00adfor\u00admu\u00adlar eingeben.<\/p>\n<p>Andere Dat\u00aden wer\u00adden automa\u00adtisch oder nach Ihrer Ein\u00adwilli\u00adgung beim Besuch<br>\nder Web\u00adsite durch unsere IT-Sys\u00adteme erfasst. Das sind vor allem tech\u00adnis\u00adche Dat\u00aden (z.&nbsp;B. Inter\u00adnet\u00adbrows\u00ader,<br>\nBetrieb\u00adssys\u00adtem oder Uhrzeit des Seit\u00ade\u00adnaufrufs). Die Erfas\u00adsung dieser Dat\u00aden erfol\u00adgt automa\u00adtisch, sobald Sie diese<br>\nWeb\u00adsite betreten.<\/p>\n<h4>Wof\u00fcr nutzen wir Ihre Daten?<\/h4>\n<p>Ein Teil der Dat\u00aden wird erhoben, um eine<br>\nfehler\u00adfreie Bere\u00adit\u00adstel\u00adlung der Web\u00adsite zu gew\u00e4hrleis\u00adten. Andere Dat\u00aden k\u00f6n\u00adnen zur Analyse Ihres<br>\nNutzerver\u00adhal\u00adtens ver\u00adwen\u00addet wer\u00adden.<\/p>\n<h4>Welche Rechte haben Sie bez\u00fcglich Ihrer Daten?<\/h4>\n<p>Sie haben jed\u00aderzeit das Recht, unent\u00adgeltlich Auskun\u00adft \u00fcber Herkun\u00adft, Empf\u00e4nger und Zweck Ihrer<br>\ngespe\u00adicherten per\u00adso\u00adn\u00aden\u00adbe\u00adzo\u00adge\u00adnen Dat\u00aden zu erhal\u00adten. Sie haben au\u00dfer\u00addem ein Recht, die Berich\u00adti\u00adgung oder<br>\nL\u00f6schung dieser Dat\u00aden zu ver\u00adlan\u00adgen. Wenn Sie eine Ein\u00adwilli\u00adgung zur Daten\u00adver\u00adar\u00adbeitung erteilt haben,<br>\nk\u00f6n\u00adnen Sie diese Ein\u00adwilli\u00adgung jed\u00aderzeit f\u00fcr die Zukun\u00adft wider\u00adrufen. Au\u00dfer\u00addem haben Sie das Recht,<br>\nunter bes\u00adtimmten Umst\u00e4n\u00adden die Ein\u00adschr\u00e4nkung der Ver\u00adar\u00adbeitung Ihrer per\u00adso\u00adn\u00aden\u00adbe\u00adzo\u00adge\u00adnen Dat\u00aden zu<br>\nver\u00adlan\u00adgen. Des Weit\u00aderen ste\u00adht Ihnen ein Beschw\u00aderderecht bei der zust\u00e4ndi\u00adgen Auf\u00adsichts\u00adbe\u00adh\u00f6rde<br>\nzu.<\/p>\n<p>Hierzu sowie zu weit\u00aderen Fra\u00adgen zum The\u00adma Daten\u00adschutz k\u00f6n\u00adnen Sie sich jed\u00aderzeit an uns<br>\nwen\u00adden.<\/p>\n<h3>Analyse-Tools und Tools von Dritt\u00adanbietern<\/h3>\n<p>Beim Besuch dieser Web\u00adsite kann Ihr Surf-<br>\nVer\u00adhal\u00adten sta\u00adtis\u00adtisch aus\u00adgew\u00adertet wer\u00adden. Das geschieht vor allem mit soge\u00adnan\u00adnten Analy\u00adse\u00adpro\u00adgram\u00admen.<\/p>\n<p>Detail\u00adlierte Infor\u00adma\u00adtio\u00adnen zu diesen Analy\u00adse\u00adpro\u00adgram\u00admen find\u00aden Sie in der fol\u00adgen\u00adden<br>\nDaten\u00adschutzerk\u00adl\u00e4rung.<\/p>\n<h2>2. Hosting<\/h2>\n<p>Wir hosten die Inhalte unser\u00ader Web\u00adsite bei fol\u00adgen\u00addem Anbi\u00adeter:<\/p>\n<h3>Strato<\/h3>\n<p>Anbi\u00adeter ist die Stra\u00adto AG, Otto-Ostrows\u00adki-Stra\u00dfe 7, 10249 Berlin (nach\u00adfol\u00adgend<br>\n\u201eStra\u00adto\u201c). Wenn Sie unsere Web\u00adsite besuchen, erfasst Stra\u00adto ver\u00adschiedene Log\u00adfiles inklu\u00adsive Ihrer IP-<br>\nAdressen.<\/p>\n<p>Weit\u00adere Infor\u00adma\u00adtio\u00adnen ent\u00adnehmen Sie der Daten\u00adschutzerk\u00adl\u00e4rung von Stra\u00adto: <a href=\"https:\/\/www.strato.de\/datenschutz\/\" target=\"_blank\" rel=\"noopener noreferrer\">https:\/\/www.strato.de\/datenschutz\/.<\/a><\/p>\n<p>Die Ver\u00adwen\u00addung von Stra\u00adto erfol\u00adgt auf Grund\u00adlage<br>\nvon Art. 6 Abs. 1 lit. f DSGVO. Wir haben ein berechtigtes Inter\u00adesse an ein\u00ader m\u00f6glichst zuver\u00adl\u00e4s\u00adsi\u00adgen<br>\nDarstel\u00adlung unser\u00ader Web\u00adsite. Sofern eine entsprechende Ein\u00adwilli\u00adgung abge\u00adfragt wurde, erfol\u00adgt die Ver\u00adar\u00adbeitung<br>\nauss\u00adchlie\u00dflich auf Grund\u00adlage von Art. 6 Abs. 1 lit. a DSGVO und \u00a7 25 Abs. 1 TTDSG, soweit die<br>\nEin\u00adwilli\u00adgung die Spe\u00adicherung von Cook\u00adies oder den Zugriff auf Infor\u00adma\u00adtio\u00adnen im Endger\u00e4t des Nutzers<br>\n(z.&nbsp;B. Device-Fin\u00adger\u00adprint\u00ading) im Sinne des TTDSG umfasst. Die Ein\u00adwilli\u00adgung ist jed\u00aderzeit wider\u00adruf\u00adbar.<\/p>\n<h2>3. Allgemeine Hinweise und Pflicht\u00adinformationen<\/h2>\n<h3>Datenschutz<\/h3>\n<p>Die Betreiber dieser Seit\u00aden nehmen den Schutz Ihrer per\u00ads\u00f6n\u00adlichen Dat\u00aden sehr<br>\nernst. Wir behan\u00addeln Ihre per\u00adso\u00adn\u00aden\u00adbe\u00adzo\u00adge\u00adnen Dat\u00aden ver\u00adtraulich und entsprechend den geset\u00adzlichen<br>\nDaten\u00adschutzvorschriften sowie dieser Daten\u00adschutzerk\u00adl\u00e4rung.<\/p>\n<p>Wenn Sie diese Web\u00adsite benutzen,<br>\nwer\u00adden ver\u00adschiedene per\u00adso\u00adn\u00aden\u00adbe\u00adzo\u00adgene Dat\u00aden erhoben. Per\u00adso\u00adn\u00aden\u00adbe\u00adzo\u00adgene Dat\u00aden sind Dat\u00aden, mit denen Sie<br>\nper\u00ads\u00f6n\u00adlich iden\u00adti\u00adfiziert wer\u00adden k\u00f6n\u00adnen. Die vor\u00adliegende Daten\u00adschutzerk\u00adl\u00e4rung erl\u00e4utert,<br>\nwelche Dat\u00aden wir erheben und wof\u00fcr wir sie nutzen. Sie erl\u00e4utert auch, wie und zu welchem Zweck das<br>\ngeschieht.<\/p>\n<p>Wir weisen darauf hin, dass die Daten\u00fcber\u00adtra\u00adgung im Inter\u00adnet (z.&nbsp;B. bei der<br>\nKom\u00admu\u00adnika\u00adtion per E\u2011Mail) Sicher\u00adheit\u00adsl\u00fcck\u00aden aufweisen kann. Ein l\u00fcck\u00aden\u00adlos\u00ader Schutz der Dat\u00aden vor<br>\ndem Zugriff durch Dritte ist nicht m\u00f6glich.<\/p>\n<h3>Hinweis zur verantwortlichen Stelle<\/h3>\n<p>Die ver\u00adant\u00adwortliche Stelle f\u00fcr die Daten\u00adver\u00adar\u00adbeitung auf<br>\ndieser Web\u00adsite ist:<\/p>\n<p>Rmr Per\u00adfor\u00admance GbR<\/p>\n<p>Birken\u00adweg 5,<\/p>\n<p>89555 Stein\u00adheim am Albuch<\/p>\n<p>Tele\u00adfon: +49 (0) 1525 \/ 372 \/ 198 5<\/p>\n<p>E\u2011Mail: info@rmr-performance.de<\/p>\n<p>Ver\u00adant\u00adwortliche Stelle ist die nat\u00fcr\u00adliche oder juris\u00adtis\u00adche Per\u00adson, die allein oder gemein\u00adsam mit anderen<br>\n\u00fcber die Zwecke und Mit\u00adtel der Ver\u00adar\u00adbeitung von per\u00adso\u00adn\u00aden\u00adbe\u00adzo\u00adge\u00adnen Dat\u00aden (z.&nbsp;B. Namen, E\u2011Mail-<br>\nAdressen o. \u00c4.) entschei\u00addet.<\/p>\n<h3>Speicherdauer<\/h3>\n<p>Soweit inner\u00adhalb dieser Daten\u00adschutzerk\u00adl\u00e4rung keine speziellere Spe\u00adicher\u00addauer<br>\ngenan\u00adnt wurde, verbleiben Ihre per\u00adso\u00adn\u00aden\u00adbe\u00adzo\u00adge\u00adnen Dat\u00aden bei uns, bis der Zweck f\u00fcr die Daten\u00adver\u00adar\u00adbeitung<br>\nent\u00adf\u00e4llt. Wenn Sie ein berechtigtes L\u00f6sch\u00ader\u00adsuchen gel\u00adtend machen oder eine Ein\u00adwilli\u00adgung zur<br>\nDaten\u00adver\u00adar\u00adbeitung wider\u00adrufen, wer\u00adden Ihre Dat\u00aden gel\u00f6scht, sofern wir keine anderen rechtlich<br>\nzul\u00e4s\u00adsi\u00adgen Gr\u00fcnde f\u00fcr die Spe\u00adicherung Ihrer per\u00adso\u00adn\u00aden\u00adbe\u00adzo\u00adge\u00adnen Dat\u00aden haben (z.&nbsp;B. steuer-<br>\noder han\u00addel\u00adsrechtliche Auf\u00adbe\u00adwahrungs\u00adfris\u00adten); im let\u00adzt\u00adge\u00adnan\u00adnten Fall erfol\u00adgt die L\u00f6schung nach Fort\u00adfall<br>\ndieser Gr\u00fcnde.<\/p>\n<h3>Allgemeine Hinweise zu den Rechtsgrundlagen der Datenverarbeitung auf dieser Website<\/h3>\n<p>Sofern Sie<br>\nin die Daten\u00adver\u00adar\u00adbeitung eingewil\u00adligt haben, ver\u00adar\u00adbeit\u00aden wir Ihre per\u00adso\u00adn\u00aden\u00adbe\u00adzo\u00adge\u00adnen Dat\u00aden auf Grund\u00adlage von Art.<br>\n6 Abs. 1 lit. a DSGVO bzw. Art. 9 Abs. 2 lit. a DSGVO, sofern beson\u00addere Datenkat\u00ade\u00adgorien nach Art. 9 Abs. 1 DSGVO<br>\nver\u00adar\u00adbeit\u00adet wer\u00adden. Im Falle ein\u00ader aus\u00addr\u00fcck\u00adlichen Ein\u00adwilli\u00adgung in die \u00dcber\u00adtra\u00adgung per\u00adso\u00adn\u00aden\u00adbe\u00adzo\u00adgen\u00ader<br>\nDat\u00aden in Drittstaat\u00aden erfol\u00adgt die Daten\u00adver\u00adar\u00adbeitung au\u00dfer\u00addem auf Grund\u00adlage von Art. 49 Abs. 1 lit. a DSGVO.<br>\nSofern Sie in die Spe\u00adicherung von Cook\u00adies oder in den Zugriff auf Infor\u00adma\u00adtio\u00adnen in Ihr Endger\u00e4t (z.&nbsp;B. via<br>\nDevice-Fin\u00adger\u00adprint\u00ading) eingewil\u00adligt haben, erfol\u00adgt die Daten\u00adver\u00adar\u00adbeitung zus\u00e4t\u00adzlich auf Grund\u00adlage von \u00a7<br>\n25 Abs. 1 TTDSG. Die Ein\u00adwilli\u00adgung ist jed\u00aderzeit wider\u00adruf\u00adbar. Sind Ihre Dat\u00aden zur Ver\u00adtragser\u00adf\u00fcl\u00adlung oder zur<br>\nDurch\u00adf\u00fchrung vorver\u00adtraglich\u00ader Ma\u00df\u00adnah\u00admen erforder\u00adlich, ver\u00adar\u00adbeit\u00aden wir Ihre Dat\u00aden auf Grund\u00adlage des<br>\nArt. 6 Abs. 1 lit. b DSGVO. Des Weit\u00aderen ver\u00adar\u00adbeit\u00aden wir Ihre Dat\u00aden, sofern diese zur Erf\u00fcl\u00adlung ein\u00ader<br>\nrechtlichen Verpflich\u00adtung erforder\u00adlich sind auf Grund\u00adlage von Art. 6 Abs. 1 lit. c DSGVO. Die Daten\u00adver\u00adar\u00adbeitung<br>\nkann fern\u00ader auf Grund\u00adlage unseres berechtigten Inter\u00adess\u00ades nach Art. 6 Abs. 1 lit. f DSGVO erfol\u00adgen. \u00dcber die<br>\njew\u00adeils im Einzelfall ein\u00adschl\u00e4gi\u00adgen Rechts\u00adgrund\u00adla\u00adgen wird in den fol\u00adgen\u00adden Abs\u00e4tzen dieser<br>\nDaten\u00adschutzerk\u00adl\u00e4rung informiert.<\/p>\n<h3>Hinweis zur Datenweitergabe in datenschutzrechtlich nicht sichere Drittstaaten sowie die Weitergabe an US-<br>\nUnternehmen, die nicht DPF-zertifiziert sind<\/h3>\n<p>Wir ver\u00adwen\u00adden unter anderem Tools von Unternehmen mit<br>\nSitz in daten\u00adschutzrechtlich nicht sicheren Drittstaat\u00aden sowie US-Tools, deren Anbi\u00adeter nicht nach dem EU-US-Data<br>\nPri\u00adva\u00adcy Frame\u00adwork (DPF) zer\u00adti\u00adfiziert sind. Wenn diese Tools aktiv sind, k\u00f6n\u00adnen Ihre per\u00adso\u00adn\u00aden\u00adbe\u00adzo\u00adgene Dat\u00aden<br>\nin diese Staat\u00aden \u00fcber\u00adtra\u00adgen und dort ver\u00adar\u00adbeit\u00adet wer\u00adden. Wir weisen darauf hin, dass in daten\u00adschutzrechtlich<br>\nunsicheren Drittstaat\u00aden kein mit der EU ver\u00adgle\u00adich\u00adbares Daten\u00adschutzniveau garantiert wer\u00adden kann.<\/p>\n<p>Wir<br>\nweisen darauf hin, dass die USA als sicher\u00ader Drittstaat grund\u00ads\u00e4t\u00adzlich ein mit der EU ver\u00adgle\u00adich\u00adbares<br>\nDaten\u00adschutzniveau aufweisen. Eine Daten\u00fcber\u00adtra\u00adgung in die USA ist danach zul\u00e4s\u00adsig, wenn der<br>\nEmpf\u00e4nger eine Zer\u00adti\u00adfizierung unter dem \u201eEU-US Data Pri\u00adva\u00adcy Frame\u00adwork\u201c (DPF) besitzt oder<br>\n\u00fcber geeignete zus\u00e4t\u00adzliche Garantien ver\u00adf\u00fcgt. Infor\u00adma\u00adtio\u00adnen zu \u00dcber\u00admit\u00adtlun\u00adgen an<br>\nDrittstaat\u00aden ein\u00adschlie\u00dflich der Daten\u00adempf\u00e4nger find\u00aden Sie in dieser<br>\nDaten\u00adschutzerk\u00adl\u00e4rung.<\/p>\n<h3>Empf\u00e4nger von personenbezogenen Daten<\/h3>\n<p>Im Rah\u00admen unser\u00ader<br>\nGesch\u00e4ft\u00adst\u00e4tigkeit arbeit\u00aden wir mit ver\u00adschiede\u00adnen exter\u00adnen Stellen zusam\u00admen. Dabei ist teil\u00adweise auch<br>\neine \u00dcber\u00admit\u00adtlung von per\u00adso\u00adn\u00aden\u00adbe\u00adzo\u00adge\u00adnen Dat\u00aden an diese exter\u00adnen Stellen erforder\u00adlich. Wir geben<br>\nper\u00adso\u00adn\u00aden\u00adbe\u00adzo\u00adgene Dat\u00aden nur dann an externe Stellen weit\u00ader, wenn dies im Rah\u00admen ein\u00ader Ver\u00adtragser\u00adf\u00fcl\u00adlung<br>\nerforder\u00adlich ist, wenn wir geset\u00adzlich hierzu verpflichtet sind (z.&nbsp;B. Weit\u00ader\u00adgabe von Dat\u00aden an<br>\nSteuer\u00adbe\u00adh\u00f6r\u00adden), wenn wir ein berechtigtes Inter\u00adesse nach Art. 6 Abs. 1 lit. f DSGVO an der Weit\u00ader\u00adgabe haben<br>\noder wenn eine son\u00adstige Rechts\u00adgrund\u00adlage die Daten\u00adweit\u00ader\u00adgabe erlaubt. Beim Ein\u00adsatz von Auf\u00adtragsver\u00adar\u00adbeit\u00adern<br>\ngeben wir per\u00adso\u00adn\u00aden\u00adbe\u00adzo\u00adgene Dat\u00aden unser\u00ader Kun\u00adden nur auf Grund\u00adlage eines g\u00fclti\u00adgen Ver\u00adtrags \u00fcber<br>\nAuf\u00adtragsver\u00adar\u00adbeitung weit\u00ader. Im Falle ein\u00ader gemein\u00adsamen Ver\u00adar\u00adbeitung wird ein Ver\u00adtrag \u00fcber gemein\u00adsame<br>\nVer\u00adar\u00adbeitung geschlossen.<\/p>\n<h3>Widerruf Ihrer Einwilligung zur Datenverarbeitung<\/h3>\n<p>Viele Daten\u00adver\u00adar\u00adbeitungsvorg\u00e4nge sind<br>\nnur mit Ihrer aus\u00addr\u00fcck\u00adlichen Ein\u00adwilli\u00adgung m\u00f6glich. Sie k\u00f6n\u00adnen eine bere\u00adits erteilte Ein\u00adwilli\u00adgung<br>\njed\u00aderzeit wider\u00adrufen. Die Recht\u00adm\u00e4\u00dfigkeit der bis zum Wider\u00adruf erfol\u00adgten Daten\u00adver\u00adar\u00adbeitung bleibt vom<br>\nWider\u00adruf unber\u00fchrt.<\/p>\n<h3>Widerspruchsrecht gegen die Datenerhebung in besonderen F\u00e4llen sowie gegen Direktwerbung (Art. 21<br>\nDSGVO)<\/h3>\n<p>WENN DIE DATENVERARBEITUNG AUF GRUNDLAGE VON ART. 6 ABS. 1 LIT. E ODER F<br>\nDSGVO ERFOLGT, HABEN SIE JEDERZEIT DAS RECHT, AUS GR\u00dcNDEN, DIE SICH AUS IHRER<br>\nBESONDEREN SITUATION ERGEBEN, GEGEN DIE VERARBEITUNG IHRER PERSONENBEZOGENEN DATEN<br>\nWIDERSPRUCH EINZULEGEN; DIES GILT AUCH F\u00dcR EIN AUF DIESE BESTIMMUNGEN GEST\u00dcTZTES<br>\nPROFILING. DIE JEWEILIGE RECHTSGRUNDLAGE, AUF DENEN EINE VERARBEITUNG BERUHT, ENTNEHMEN<br>\nSIE DIESER DATENSCHUTZERKL\u00c4RUNG. WENN SIE WIDERSPRUCH EINLEGEN, WERDEN WIR IHRE<br>\nBETROFFENEN PERSONENBEZOGENEN DATEN NICHT MEHR VERARBEITEN, ES SEI DENN, WIR<br>\nK\u00d6NNEN ZWINGENDE SCHUTZW\u00dcRDIGE GR\u00dcNDE F\u00dcR DIE VERARBEITUNG<br>\nNACHWEISEN, DIE IHRE INTERESSEN, RECHTE UND FREIHEITEN \u00dcBERWIEGEN ODER DIE<br>\nVERARBEITUNG DIENT DER GELTENDMACHUNG, AUS\u00dcBUNG ODER VERTEIDIGUNG VON<br>\nRECHTSANSPR\u00dcCHEN (WIDERSPRUCH NACH ART. 21 ABS. 1 DSGVO).<\/p>\n<p>WERDEN IHRE<br>\nPERSONENBEZOGENEN DATEN VERARBEITET, UM DIREKTWERBUNG ZU BETREIBEN, SO HABEN SIE DAS<br>\nRECHT, JEDERZEIT WIDERSPRUCH GEGEN DIE VERARBEITUNG SIE BETREFFENDER PERSONENBEZOGENER<br>\nDATEN ZUM ZWECKE DERARTIGER WERBUNG EINZULEGEN; DIES GILT AUCH F\u00dcR DAS PROFILING,<br>\nSOWEIT ES MIT SOLCHER DIREKTWERBUNG IN VERBINDUNG STEHT. WENN SIE WIDERSPRECHEN,<br>\nWERDEN IHRE PERSONENBEZOGENEN DATEN ANSCHLIESSEND NICHT MEHR ZUM ZWECKE DER<br>\nDIREKTWERBUNG VERWENDET (WIDERSPRUCH NACH ART. 21 ABS. 2 DSGVO).<\/p>\n<h3>Beschwerde\u00adrecht bei der zust\u00e4ndigen Aufsichts\u00adbeh\u00f6rde<\/h3>\n<p>Im Falle von<br>\nVer\u00adst\u00f6\u00dfen gegen die DSGVO ste\u00adht den Betrof\u00adfe\u00adnen ein Beschw\u00aderderecht bei ein\u00ader<br>\nAuf\u00adsichts\u00adbe\u00adh\u00f6rde, ins\u00adbeson\u00addere in dem Mit\u00adglied\u00adstaat ihres gew\u00f6hn\u00adlichen Aufen\u00adthalts, ihres<br>\nArbeit\u00adsplatzes oder des Orts des mut\u00adma\u00dflichen Ver\u00adsto\u00dfes zu. Das Beschw\u00aderderecht beste\u00adht<br>\nunbeschadet ander\u00adweit\u00adiger ver\u00adwal\u00adtungsrechtlich\u00ader oder gerichtlich\u00ader Rechts\u00adbe\u00adhelfe.<\/p>\n<h3>Recht auf Daten\u00ad\u00fcbertrag\u00adbarkeit<\/h3>\n<p>Sie haben das Recht, Dat\u00aden, die wir auf Grund\u00adlage<br>\nIhrer Ein\u00adwilli\u00adgung oder in Erf\u00fcl\u00adlung eines Ver\u00adtrags automa\u00adtisiert ver\u00adar\u00adbeit\u00aden, an sich oder an einen Drit\u00adten in<br>\neinem g\u00e4ngi\u00adgen, maschi\u00adnen\u00adles\u00adbaren For\u00admat aush\u00e4ndi\u00adgen zu lassen. Sofern Sie die direk\u00adte<br>\n\u00dcber\u00adtra\u00adgung der Dat\u00aden an einen anderen Ver\u00adant\u00adwortlichen ver\u00adlan\u00adgen, erfol\u00adgt dies nur, soweit es tech\u00adnisch<br>\nmach\u00adbar ist.<\/p>\n<h3>Auskunft, Berichtigung und L\u00f6schung<\/h3>\n<p>Sie haben im Rah\u00admen der gel\u00adtenden geset\u00adzlichen<br>\nBes\u00adtim\u00admungen jed\u00aderzeit das Recht auf unent\u00adgeltliche Auskun\u00adft \u00fcber Ihre gespe\u00adicherten per\u00adso\u00adn\u00aden\u00adbe\u00adzo\u00adge\u00adnen<br>\nDat\u00aden, deren Herkun\u00adft und Empf\u00e4nger und den Zweck der Daten\u00adver\u00adar\u00adbeitung und ggf. ein Recht auf<br>\nBerich\u00adti\u00adgung oder L\u00f6schung dieser Dat\u00aden. Hierzu sowie zu weit\u00aderen Fra\u00adgen zum The\u00adma per\u00adso\u00adn\u00aden\u00adbe\u00adzo\u00adgene<br>\nDat\u00aden k\u00f6n\u00adnen Sie sich jed\u00aderzeit an uns wen\u00adden.<\/p>\n<h3>Recht auf Einschr\u00e4nkung der Verarbeitung<\/h3>\n<p>Sie haben das Recht, die Ein\u00adschr\u00e4nkung der<br>\nVer\u00adar\u00adbeitung Ihrer per\u00adso\u00adn\u00aden\u00adbe\u00adzo\u00adge\u00adnen Dat\u00aden zu ver\u00adlan\u00adgen. Hierzu k\u00f6n\u00adnen Sie sich jed\u00aderzeit an uns wen\u00adden.<br>\nDas Recht auf Ein\u00adschr\u00e4nkung der Ver\u00adar\u00adbeitung beste\u00adht in fol\u00adgen\u00adden F\u00e4llen:<\/p>\n<ul>\n<li>Wenn Sie die<br>\nRichtigkeit Ihrer bei uns gespe\u00adicherten per\u00adso\u00adn\u00aden\u00adbe\u00adzo\u00adge\u00adnen Dat\u00aden bestre\u00adit\u00aden, ben\u00f6ti\u00adgen wir in der Regel Zeit,<br>\num dies zu \u00fcber\u00adpr\u00fcfen. F\u00fcr die Dauer der Pr\u00fc\u00adfung haben Sie das Recht, die<br>\nEin\u00adschr\u00e4nkung der Ver\u00adar\u00adbeitung Ihrer per\u00adso\u00adn\u00aden\u00adbe\u00adzo\u00adge\u00adnen Dat\u00aden zu ver\u00adlan\u00adgen.<\/li>\n<li>Wenn die<br>\nVer\u00adar\u00adbeitung Ihrer per\u00adso\u00adn\u00aden\u00adbe\u00adzo\u00adge\u00adnen Dat\u00aden unrecht\u00adm\u00e4\u00dfig geschah\/geschieht, k\u00f6n\u00adnen Sie statt<br>\nder L\u00f6schung die Ein\u00adschr\u00e4nkung der Daten\u00adver\u00adar\u00adbeitung ver\u00adlan\u00adgen.<\/li>\n<li>Wenn wir Ihre<br>\nper\u00adso\u00adn\u00aden\u00adbe\u00adzo\u00adge\u00adnen Dat\u00aden nicht mehr ben\u00f6ti\u00adgen, Sie sie jedoch zur Aus\u00fcbung, Vertei\u00addi\u00adgung oder<br>\nGel\u00adtend\u00admachung von Recht\u00adsanspr\u00fcchen ben\u00f6ti\u00adgen, haben Sie das Recht, statt der L\u00f6schung die<br>\nEin\u00adschr\u00e4nkung der Ver\u00adar\u00adbeitung Ihrer per\u00adso\u00adn\u00aden\u00adbe\u00adzo\u00adge\u00adnen Dat\u00aden zu ver\u00adlan\u00adgen.<\/li>\n<li>Wenn Sie einen<br>\nWider\u00adspruch nach Art. 21 Abs. 1 DSGVO ein\u00adgelegt haben, muss eine Abw\u00e4\u00adgung zwis\u00adchen Ihren und unseren<br>\nInter\u00adessen vorgenom\u00admen wer\u00adden. Solange noch nicht fest\u00adste\u00adht, wessen Inter\u00adessen \u00fcber\u00adwiegen, haben Sie das<br>\nRecht, die Ein\u00adschr\u00e4nkung der Ver\u00adar\u00adbeitung Ihrer per\u00adso\u00adn\u00aden\u00adbe\u00adzo\u00adge\u00adnen Dat\u00aden zu ver\u00adlan\u00adgen.<\/li>\n<\/ul>\n<p>Wenn Sie die Ver\u00adar\u00adbeitung Ihrer per\u00adso\u00adn\u00aden\u00adbe\u00adzo\u00adge\u00adnen Dat\u00aden eingeschr\u00e4nkt haben, d\u00fcr\u00adfen diese<br>\nDat\u00aden \u2013 von ihrer Spe\u00adicherung abge\u00adse\u00adhen \u2013 nur mit Ihrer Ein\u00adwilli\u00adgung oder zur Gel\u00adtend\u00admachung,<br>\nAus\u00fcbung oder Vertei\u00addi\u00adgung von Recht\u00adsanspr\u00fcchen oder zum Schutz der Rechte ein\u00ader anderen<br>\nnat\u00fcr\u00adlichen oder juris\u00adtis\u00adchen Per\u00adson oder aus Gr\u00fcn\u00adden eines wichti\u00adgen \u00f6ffentlichen Inter\u00adess\u00ades der<br>\nEurop\u00e4is\u00adchen Union oder eines Mit\u00adglied\u00adstaats ver\u00adar\u00adbeit\u00adet wer\u00adden.<\/p>\n<h3>SSL- bzw. TLS-Verschl\u00fcsselung<\/h3>\n<p>Diese Seite nutzt aus Sicher\u00adheits\u00adgr\u00fcn\u00adden und zum Schutz<br>\nder \u00dcber\u00adtra\u00adgung ver\u00adtraulich\u00ader Inhalte, wie zum Beispiel Bestel\u00adlun\u00adgen oder Anfra\u00adgen, die Sie an uns als<br>\nSeit\u00aden\u00adbe\u00adtreiber senden, eine SSL- bzw. TLS-Ver\u00adschl\u00fcs\u00adselung. Eine ver\u00adschl\u00fcs\u00adselte Verbindung erken\u00adnen<br>\nSie daran, dass die Adresszeile des Browsers von \u201ehttp:\/\/\u201c auf \u201ehttps:\/\/\u201c wech\u00adselt und<br>\nan dem Schloss-Sym\u00adbol in Ihrer Browserzeile.<\/p>\n<p>Wenn die SSL- bzw. TLS-Ver\u00adschl\u00fcs\u00adselung aktiviert ist,<br>\nk\u00f6n\u00adnen die Dat\u00aden, die Sie an uns \u00fcber\u00admit\u00adteln, nicht von Drit\u00adten mit\u00adge\u00adle\u00adsen wer\u00adden.<\/p>\n<h3>Widerspruch gegen Werbe-E-Mails<\/h3>\n<p>Der Nutzung von im Rah\u00admen der Impres\u00adsum\u00adspflicht<br>\nver\u00f6f\u00adfentlicht\u00aden Kon\u00adtak\u00adt\u00addat\u00aden zur \u00dcbersendung von nicht aus\u00addr\u00fcck\u00adlich ange\u00adfordert\u00ader Wer\u00adbung<br>\nund Infor\u00adma\u00adtion\u00ads\u00adma\u00adte\u00adri\u00adalien wird hier\u00admit wider\u00adsprochen. Die Betreiber der Seit\u00aden behal\u00adten sich aus\u00addr\u00fcck\u00adlich<br>\nrechtliche Schritte im Falle der unver\u00adlangten Zusendung von Wer\u00adbe\u00adin\u00adfor\u00adma\u00adtio\u00adnen, etwa durch Spam-E-Mails,<br>\nvor.<\/p>\n<h2>4. Datenerfassung auf dieser Website<\/h2>\n<h3>Cookies<\/h3>\n<p>Unsere Inter\u00adnet\u00adseit\u00aden ver\u00adwen\u00adden so genan\u00adnte \u201eCook\u00adies\u201c. Cook\u00adies sind kleine<br>\nDaten\u00adpakete und richt\u00aden auf Ihrem Endger\u00e4t keinen Schaden an. Sie wer\u00adden entwed\u00ader vor\u00fcberge\u00adhend<br>\nf\u00fcr die Dauer ein\u00ader Sitzung (Ses\u00adsion-Cook\u00adies) oder dauer\u00adhaft (per\u00adma\u00adnente Cook\u00adies) auf Ihrem Endger\u00e4t<br>\ngespe\u00adichert. Ses\u00adsion-Cook\u00adies wer\u00adden nach Ende Ihres Besuchs automa\u00adtisch gel\u00f6scht. Per\u00adma\u00adnente Cook\u00adies<br>\nbleiben auf Ihrem Endger\u00e4t gespe\u00adichert, bis Sie diese selb\u00adst l\u00f6schen oder eine automa\u00adtis\u00adche<br>\nL\u00f6schung durch Ihren Web\u00adbrows\u00ader erfol\u00adgt.<\/p>\n<p>Cook\u00adies k\u00f6n\u00adnen von uns (First-Par\u00adty-Cook\u00adies) oder<br>\nvon Drit\u00adtun\u00adternehmen stam\u00admen (sog. Third-Par\u00adty-Cook\u00adies). Third-Par\u00adty-Cook\u00adies erm\u00f6glichen die Ein\u00adbindung<br>\nbes\u00adtimmter Dien\u00adstleis\u00adtun\u00adgen von Drit\u00adtun\u00adternehmen inner\u00adhalb von Web\u00adseit\u00aden (z.&nbsp;B. Cook\u00adies zur Abwick\u00adlung<br>\nvon Zahlungs\u00addi\u00aden\u00adstleis\u00adtun\u00adgen).<\/p>\n<p>Cook\u00adies haben ver\u00adschiedene Funk\u00adtio\u00adnen. Zahlre\u00adiche Cook\u00adies sind tech\u00adnisch<br>\nnotwendig, da bes\u00adtimmte Web\u00adseit\u00aden\u00adfunk\u00adtio\u00adnen ohne diese nicht funk\u00adtion\u00adieren w\u00fcr\u00adden (z.&nbsp;B. die<br>\nWarenko\u00adrb\u00adfunk\u00adtion oder die Anzeige von Videos). Andere Cook\u00adies k\u00f6n\u00adnen zur Auswer\u00adtung des<br>\nNutzerver\u00adhal\u00adtens oder zu Wer\u00adbezweck\u00aden ver\u00adwen\u00addet wer\u00adden.<\/p>\n<p>Cook\u00adies, die zur Durch\u00adf\u00fchrung des<br>\nelek\u00adtro\u00adn\u00adis\u00adchen Kom\u00admu\u00adnika\u00adtionsvor\u00adgangs, zur Bere\u00adit\u00adstel\u00adlung bes\u00adtimmter, von Ihnen erw\u00fcn\u00adschter Funk\u00adtio\u00adnen<br>\n(z.&nbsp;B. f\u00fcr die Warenko\u00adrb\u00adfunk\u00adtion) oder zur Opti\u00admierung der Web\u00adsite (z.&nbsp;B. Cook\u00adies zur Mes\u00adsung<br>\ndes Webpub\u00adlikums) erforder\u00adlich sind (notwendi\u00adge Cook\u00adies), wer\u00adden auf Grund\u00adlage von Art. 6 Abs. 1 lit. f DSGVO<br>\ngespe\u00adichert, sofern keine andere Rechts\u00adgrund\u00adlage angegeben wird. Der Web\u00adsite\u00adbe\u00adtreiber hat ein berechtigtes<br>\nInter\u00adesse an der Spe\u00adicherung von notwendi\u00adgen Cook\u00adies zur tech\u00adnisch fehler\u00adfreien und opti\u00admierten Bere\u00adit\u00adstel\u00adlung<br>\nsein\u00ader Dien\u00adste. Sofern eine Ein\u00adwilli\u00adgung zur Spe\u00adicherung von Cook\u00adies und ver\u00adgle\u00adich\u00adbaren<br>\nWieder\u00aderken\u00adnung\u00adstech\u00adnolo\u00adgien abge\u00adfragt wurde, erfol\u00adgt die Ver\u00adar\u00adbeitung auss\u00adchlie\u00dflich auf Grund\u00adlage dieser<br>\nEin\u00adwilli\u00adgung (Art. 6 Abs. 1 lit. a DSGVO und \u00a7 25 Abs. 1 TTDSG); die Ein\u00adwilli\u00adgung ist jed\u00aderzeit wider\u00adruf\u00adbar.<\/p>\n<p>Sie k\u00f6n\u00adnen Ihren Brows\u00ader so ein\u00adstellen, dass Sie \u00fcber das Set\u00adzen von Cook\u00adies informiert wer\u00adden und<br>\nCook\u00adies nur im Einzelfall erlauben, die Annahme von Cook\u00adies f\u00fcr bes\u00adtimmte F\u00e4lle oder generell<br>\nauss\u00adchlie\u00dfen sowie das automa\u00adtis\u00adche L\u00f6schen der Cook\u00adies beim Schlie\u00dfen des Browsers aktivieren.<br>\nBei der Deak\u00adtivierung von Cook\u00adies kann die Funk\u00adtion\u00adal\u00adit\u00e4t dieser Web\u00adsite eingeschr\u00e4nkt sein.<\/p>\n<p>Welche Cook\u00adies und Dien\u00adste auf dieser Web\u00adsite einge\u00adset\u00adzt wer\u00adden, k\u00f6n\u00adnen Sie dieser<br>\nDaten\u00adschutzerk\u00adl\u00e4rung ent\u00adnehmen.<\/p>\n<h3>Kontaktformular<\/h3>\n<p>Wenn Sie uns per Kon\u00adtak\u00adt\u00adfor\u00admu\u00adlar Anfra\u00adgen zukom\u00admen lassen, wer\u00adden Ihre<br>\nAngaben aus dem Anfrage\u00adfor\u00admu\u00adlar inklu\u00adsive der von Ihnen dort angegebe\u00adnen Kon\u00adtak\u00adt\u00addat\u00aden zwecks Bear\u00adbeitung<br>\nder Anfrage und f\u00fcr den Fall von Anschlussfra\u00adgen bei uns gespe\u00adichert. Diese Dat\u00aden geben wir nicht ohne Ihre<br>\nEin\u00adwilli\u00adgung weit\u00ader.<\/p>\n<p>Die Ver\u00adar\u00adbeitung dieser Dat\u00aden erfol\u00adgt auf Grund\u00adlage von Art. 6 Abs. 1 lit. b DSGVO,<br>\nsofern Ihre Anfrage mit der Erf\u00fcl\u00adlung eines Ver\u00adtrags zusam\u00admen\u00adh\u00e4ngt oder zur Durch\u00adf\u00fchrung<br>\nvorver\u00adtraglich\u00ader Ma\u00df\u00adnah\u00admen erforder\u00adlich ist. In allen \u00fcbri\u00adgen F\u00e4llen beruht die Ver\u00adar\u00adbeitung auf<br>\nunserem berechtigten Inter\u00adesse an der effek\u00adtiv\u00aden Bear\u00adbeitung der an uns gerichteten Anfra\u00adgen (Art. 6 Abs. 1 lit. f<br>\nDSGVO) oder auf Ihrer Ein\u00adwilli\u00adgung (Art. 6 Abs. 1 lit. a DSGVO) sofern diese abge\u00adfragt wurde; die Ein\u00adwilli\u00adgung ist<br>\njed\u00aderzeit wider\u00adruf\u00adbar.<\/p>\n<p>Die von Ihnen im Kon\u00adtak\u00adt\u00adfor\u00admu\u00adlar eingegebe\u00adnen Dat\u00aden verbleiben bei uns, bis Sie<br>\nuns zur L\u00f6schung auf\u00adfordern, Ihre Ein\u00adwilli\u00adgung zur Spe\u00adicherung wider\u00adrufen oder der Zweck f\u00fcr die<br>\nDaten\u00adspe\u00adicherung ent\u00adf\u00e4llt (z.&nbsp;B. nach abgeschlossen\u00ader Bear\u00adbeitung Ihrer Anfrage). Zwin\u00adgende<br>\ngeset\u00adzliche Bes\u00adtim\u00admungen \u2013 ins\u00adbeson\u00addere Auf\u00adbe\u00adwahrungs\u00adfris\u00adten \u2013 bleiben unber\u00fchrt.<\/p>\n<h3>Anfrage per E\u2011Mail, Telefon oder Telefax<\/h3>\n<p>Wenn Sie uns per E\u2011Mail, Tele\u00adfon oder Tele\u00adfax<br>\nkon\u00adtak\u00adtieren, wird Ihre Anfrage inklu\u00adsive aller daraus her\u00advorge\u00adhen\u00adden per\u00adso\u00adn\u00aden\u00adbe\u00adzo\u00adge\u00adnen Dat\u00aden (Name, Anfrage)<br>\nzum Zwecke der Bear\u00adbeitung Ihres Anliegens bei uns gespe\u00adichert und ver\u00adar\u00adbeit\u00adet. Diese Dat\u00aden geben wir nicht ohne<br>\nIhre Ein\u00adwilli\u00adgung weit\u00ader.<\/p>\n<p>Die Ver\u00adar\u00adbeitung dieser Dat\u00aden erfol\u00adgt auf Grund\u00adlage von Art. 6 Abs. 1 lit. b<br>\nDSGVO, sofern Ihre Anfrage mit der Erf\u00fcl\u00adlung eines Ver\u00adtrags zusam\u00admen\u00adh\u00e4ngt oder zur<br>\nDurch\u00adf\u00fchrung vorver\u00adtraglich\u00ader Ma\u00df\u00adnah\u00admen erforder\u00adlich ist. In allen \u00fcbri\u00adgen F\u00e4llen beruht<br>\ndie Ver\u00adar\u00adbeitung auf unserem berechtigten Inter\u00adesse an der effek\u00adtiv\u00aden Bear\u00adbeitung der an uns gerichteten<br>\nAnfra\u00adgen (Art. 6 Abs. 1 lit. f DSGVO) oder auf Ihrer Ein\u00adwilli\u00adgung (Art. 6 Abs. 1 lit. a DSGVO) sofern diese abge\u00adfragt<br>\nwurde; die Ein\u00adwilli\u00adgung ist jed\u00aderzeit wider\u00adruf\u00adbar.<\/p>\n<p>Die von Ihnen an uns per Kon\u00adtak\u00adtan\u00adfra\u00adgen<br>\n\u00fcber\u00adsandten Dat\u00aden verbleiben bei uns, bis Sie uns zur L\u00f6schung auf\u00adfordern, Ihre Ein\u00adwilli\u00adgung zur<br>\nSpe\u00adicherung wider\u00adrufen oder der Zweck f\u00fcr die Daten\u00adspe\u00adicherung ent\u00adf\u00e4llt (z.&nbsp;B. nach<br>\nabgeschlossen\u00ader Bear\u00adbeitung Ihres Anliegens). Zwin\u00adgende geset\u00adzliche Bes\u00adtim\u00admungen \u2013 ins\u00adbeson\u00addere<br>\ngeset\u00adzliche Auf\u00adbe\u00adwahrungs\u00adfris\u00adten \u2013 bleiben unber\u00fchrt.<\/p>\n<h2>5. Soziale Medien<\/h2>\n<h3>Facebook<\/h3>\n<p>Auf dieser Web\u00adsite sind Ele\u00admente des sozialen Net\u00adzw\u00aderks Face\u00adbook inte\u00adgri\u00adert. Anbi\u00adeter<br>\ndieses Dien\u00adstes ist die Meta Plat\u00adforms Ire\u00adland Lim\u00adit\u00aded, 4 Grand Canal Square, Dublin 2, Irland. Die erfassten Dat\u00aden<br>\nwer\u00adden nach Aus\u00adsage von Face\u00adbook jedoch auch in die USA und in andere Drit\u00adtl\u00e4n\u00adder \u00fcber\u00adtra\u00adgen.<\/p>\n<p>Eine \u00dcber\u00adsicht \u00fcber die Face\u00adbook Social-Media-Ele\u00admente find\u00aden Sie hier: <a href=\"https:\/\/developers.facebook.com\/docs\/plugins\/?locale=de_DE\" target=\"_blank\" rel=\"noopener noreferrer\">https:\/\/developers.facebook.com\/docs\/plugins\/?locale=de_DE.<\/a><\/p>\n<p>Wenn das Social-Media-<br>\nEle\u00adment aktiv ist, wird eine direk\u00adte Verbindung zwis\u00adchen Ihrem Endger\u00e4t und dem Face\u00adbook-Serv\u00ader<br>\nhergestellt. Face\u00adbook erh\u00e4lt dadurch die Infor\u00adma\u00adtion, dass Sie mit Ihrer IP-Adresse diese Web\u00adsite besucht<br>\nhaben. Wenn Sie den Face\u00adbook \u201eLike-But\u00adton\u201c anklick\u00aden, w\u00e4hrend Sie in Ihrem Face\u00adbook-<br>\nAccount ein\u00adgel\u00adog\u00adgt sind, k\u00f6n\u00adnen Sie die Inhalte dieser Web\u00adsite auf Ihrem Face\u00adbook-Pro\u00adfil ver\u00adlinken. Dadurch<br>\nkann Face\u00adbook den Besuch dieser Web\u00adsite Ihrem Benutzerkon\u00adto zuord\u00adnen. Wir weisen darauf hin, dass wir als<br>\nAnbi\u00adeter der Seit\u00aden keine Ken\u00adnt\u00adnis vom Inhalt der \u00fcber\u00admit\u00adtel\u00adten Dat\u00aden sowie deren Nutzung durch Face\u00adbook<br>\nerhal\u00adten. Weit\u00adere Infor\u00adma\u00adtio\u00adnen hierzu find\u00aden Sie in der Daten\u00adschutzerk\u00adl\u00e4rung von Face\u00adbook unter: <a href=\"https:\/\/de-de.facebook.com\/privacy\/explanation\" target=\"_blank\" rel=\"noopener noreferrer\">https:\/\/de-<br>\nde.facebook.com\/privacy\/explanation.<\/a><\/p>\n<p>Soweit eine Ein\u00adwilli\u00adgung (Con\u00adsent) einge\u00adholt wurde, erfol\u00adgt der<br>\nEin\u00adsatz des o.&nbsp;g. Dien\u00adstes auf Grund\u00adlage von Art. 6 Abs. 1 lit. a DSGVO und \u00a7 25 TTDSG. Die Ein\u00adwilli\u00adgung<br>\nist jed\u00aderzeit wider\u00adruf\u00adbar. Soweit keine Ein\u00adwilli\u00adgung einge\u00adholt wurde, erfol\u00adgt die Ver\u00adwen\u00addung des Dien\u00adstes auf<br>\nGrund\u00adlage unseres berechtigten Inter\u00adess\u00ades an ein\u00ader m\u00f6glichst umfassenden Sicht\u00adbarkeit in den Sozialen<br>\nMedi\u00aden.<\/p>\n<p>Soweit mit Hil\u00adfe des hier beschriebe\u00adnen Tools per\u00adso\u00adn\u00aden\u00adbe\u00adzo\u00adgene Dat\u00aden auf unser\u00ader Web\u00adsite<br>\nerfasst und an Face\u00adbook weit\u00adergeleit\u00adet wer\u00adden, sind wir und die Meta Plat\u00adforms Ire\u00adland Lim\u00adit\u00aded, 4 Grand Canal<br>\nSquare, Grand Canal Har\u00adbour, Dublin 2, Irland gemein\u00adsam f\u00fcr diese Daten\u00adver\u00adar\u00adbeitung ver\u00adant\u00adwortlich (Art.<br>\n26 DSGVO). Die gemein\u00adsame Ver\u00adant\u00adwortlichkeit beschr\u00e4nkt sich dabei auss\u00adchlie\u00dflich auf die Erfas\u00adsung<br>\nder Dat\u00aden und deren Weit\u00ader\u00adgabe an Face\u00adbook. Die nach der Weit\u00ader\u00adleitung erfol\u00adgende Ver\u00adar\u00adbeitung durch<br>\nFace\u00adbook ist nicht Teil der gemein\u00adsamen Ver\u00adant\u00adwor\u00adtung. Die uns gemein\u00adsam obliegen\u00adden Verpflich\u00adtun\u00adgen wur\u00adden<br>\nin ein\u00ader Vere\u00adin\u00adbarung \u00fcber gemein\u00adsame Ver\u00adar\u00adbeitung fest\u00adge\u00adhal\u00adten. Den Wort\u00adlaut der Vere\u00adin\u00adbarung find\u00aden<br>\nSie unter: <a href=\"https:\/\/www.facebook.com\/legal\/controller_addendum\" target=\"_blank\" rel=\"noopener<br \/>noreferrer noopener\">https:\/\/www.facebook.com\/legal\/controller_addendum<\/a>. Laut dieser Vere\u00adin\u00adbarung sind wir<br>\nf\u00fcr die Erteilung der Daten\u00adschutz\u00adin\u00adfor\u00adma\u00adtio\u00adnen beim Ein\u00adsatz des Face\u00adbook-Tools und f\u00fcr die<br>\ndaten\u00adschutzrechtlich sichere Imple\u00admen\u00adtierung des Tools auf unser\u00ader Web\u00adsite ver\u00adant\u00adwortlich. F\u00fcr die<br>\nDaten\u00adsicher\u00adheit der Face\u00adbook-Pro\u00adduk\u00adte ist Face\u00adbook ver\u00adant\u00adwortlich. Betrof\u00adfe\u00adnen\u00adrechte (z.&nbsp;B.<br>\nAuskun\u00adft\u00adser\u00adsuchen) hin\u00adsichtlich der bei Face\u00adbook ver\u00adar\u00adbeit\u00adeten Dat\u00aden k\u00f6n\u00adnen Sie direkt bei Face\u00adbook<br>\ngel\u00adtend machen. Wenn Sie die Betrof\u00adfe\u00adnen\u00adrechte bei uns gel\u00adtend machen, sind wir verpflichtet, diese an Face\u00adbook<br>\nweit\u00aderzuleit\u00aden.<\/p>\n<p>Die Daten\u00fcber\u00adtra\u00adgung in die USA wird auf die Stan\u00addard\u00adver\u00adtragsklauseln der EU-<br>\nKom\u00admis\u00adsion gest\u00fctzt. Details find\u00aden Sie hier: <a href=\"https:\/\/www.facebook.com\/legal\/EU_data_transfer_addendum\" target=\"_blank\" rel=\"noopener noreferrer\">https:\/\/www.facebook.com\/legal\/EU_data_transfer_addendum, <\/a><a href=\"https:\/\/de-<br \/>de.facebook.com\/help\/566994660333381\" target=\"_blank\" rel=\"noopener noreferrer\">https:\/\/de-<br>\nde.facebook.com\/help\/566994660333381<\/a><a href=\"https:\/\/www.facebook.com\/legal\/EU_data_transfer_addendum\" target=\"_blank\" rel=\"noopener noreferrer\"> und <\/a><a href=\"https:\/\/www.facebook.com\/policy.php\">target=\u201c_blank\u201d rel=\u201cnoopener noreferrer\u201d&gt;https:\/\/www.facebook.com\/policy.php<\/a><a href=\"https:\/\/www.facebook.com\/legal\/EU_data_transfer_addendum\" target=\"_blank\" rel=\"noopener noreferrer\">.<\/a><\/p>\n<p>Das Unternehmen ver\u00adf\u00fcgt \u00fcber eine Zer\u00adti\u00adfizierung nach dem \u201eEU-US Data Pri\u00adva\u00adcy<br>\nFrame\u00adwork\u201c (DPF). Der DPF ist ein \u00dcbereinkom\u00admen zwis\u00adchen der Europ\u00e4is\u00adchen Union und den<br>\nUSA, der die Ein\u00adhal\u00adtung europ\u00e4is\u00adch\u00ader Daten\u00adschutz\u00ads\u00adtan\u00addards bei Daten\u00adver\u00adar\u00adbeitun\u00adgen in den USA<br>\ngew\u00e4hrleis\u00adten soll. Jedes nach dem DPF zer\u00adti\u00adfizierte Unternehmen verpflichtet sich, diese<br>\nDaten\u00adschutz\u00ads\u00adtan\u00addards einzuhal\u00adten. Weit\u00adere Infor\u00adma\u00adtio\u00adnen hierzu erhal\u00adten Sie vom Anbi\u00adeter unter fol\u00adgen\u00addem Link:<br>\n<a href=\"https:\/\/www.dataprivacyframework.gov\/s\/participant-search\/participant-<br \/>detail?contact=true&amp;id=a2zt0000000GnywAAC&amp;status=Active\" target=\"_blank\" rel=\"noopener noreferrer\">https:<br>\n\/\/www.dataprivacyframework.gov\/s\/participant-search\/participant-<br>\ndetail?contact=true&amp;id=a2zt0000000GnywAAC&amp;status=Active<\/a><\/p>\n<h3>Instagram<\/h3>\n<p>Auf dieser Web\u00adsite sind Funk\u00adtio\u00adnen des Dien\u00adstes Insta\u00adgram einge\u00adbun\u00adden. Diese<br>\nFunk\u00adtio\u00adnen wer\u00adden ange\u00adboten durch die Meta Plat\u00adforms Ire\u00adland Lim\u00adit\u00aded, 4 Grand Canal Square, Grand Canal<br>\nHar\u00adbour, Dublin 2, Irland.<\/p>\n<p>Wenn das Social-Media-Ele\u00adment aktiv ist, wird eine direk\u00adte Verbindung zwis\u00adchen<br>\nIhrem Endger\u00e4t und dem Insta\u00adgram-Serv\u00ader hergestellt. Insta\u00adgram erh\u00e4lt dadurch Infor\u00adma\u00adtio\u00adnen<br>\n\u00fcber den Besuch dieser Web\u00adsite durch Sie.<\/p>\n<p>Wenn Sie in Ihrem Insta\u00adgram-Account ein\u00adgel\u00adog\u00adgt sind,<br>\nk\u00f6n\u00adnen Sie durch Anklick\u00aden des Insta\u00adgram-But\u00adtons die Inhalte dieser Web\u00adsite mit Ihrem Insta\u00adgram-Pro\u00adfil<br>\nver\u00adlinken. Dadurch kann Insta\u00adgram den Besuch dieser Web\u00adsite Ihrem Benutzerkon\u00adto zuord\u00adnen. Wir weisen darauf<br>\nhin, dass wir als Anbi\u00adeter der Seit\u00aden keine Ken\u00adnt\u00adnis vom Inhalt der \u00fcber\u00admit\u00adtel\u00adten Dat\u00aden sowie deren Nutzung<br>\ndurch Insta\u00adgram erhal\u00adten.<\/p>\n<p>Soweit eine Ein\u00adwilli\u00adgung (Con\u00adsent) einge\u00adholt wurde, erfol\u00adgt der Ein\u00adsatz des<br>\no.&nbsp;g. Dien\u00adstes auf Grund\u00adlage von Art. 6 Abs. 1 lit. a DSGVO und \u00a7 25 TTDSG. Die Ein\u00adwilli\u00adgung ist jed\u00aderzeit<br>\nwider\u00adruf\u00adbar. Soweit keine Ein\u00adwilli\u00adgung einge\u00adholt wurde, erfol\u00adgt die Ver\u00adwen\u00addung des Dien\u00adstes auf Grund\u00adlage<br>\nunseres berechtigten Inter\u00adess\u00ades an ein\u00ader m\u00f6glichst umfassenden Sicht\u00adbarkeit in den Sozialen Medi\u00aden.<\/p>\n<p>Soweit mit Hil\u00adfe des hier beschriebe\u00adnen Tools per\u00adso\u00adn\u00aden\u00adbe\u00adzo\u00adgene Dat\u00aden auf unser\u00ader Web\u00adsite erfasst und an<br>\nFace\u00adbook bzw. Insta\u00adgram weit\u00adergeleit\u00adet wer\u00adden, sind wir und die Meta Plat\u00adforms Ire\u00adland Lim\u00adit\u00aded, 4 Grand Canal<br>\nSquare, Grand Canal Har\u00adbour, Dublin 2, Irland gemein\u00adsam f\u00fcr diese Daten\u00adver\u00adar\u00adbeitung ver\u00adant\u00adwortlich (Art.<br>\n26 DSGVO). Die gemein\u00adsame Ver\u00adant\u00adwortlichkeit beschr\u00e4nkt sich dabei auss\u00adchlie\u00dflich auf die Erfas\u00adsung<br>\nder Dat\u00aden und deren Weit\u00ader\u00adgabe an Face\u00adbook bzw. Insta\u00adgram. Die nach der Weit\u00ader\u00adleitung erfol\u00adgende Ver\u00adar\u00adbeitung<br>\ndurch Face\u00adbook bzw. Insta\u00adgram ist nicht Teil der gemein\u00adsamen Ver\u00adant\u00adwor\u00adtung. Die uns gemein\u00adsam obliegen\u00adden<br>\nVerpflich\u00adtun\u00adgen wur\u00adden in ein\u00ader Vere\u00adin\u00adbarung \u00fcber gemein\u00adsame Ver\u00adar\u00adbeitung fest\u00adge\u00adhal\u00adten. Den Wort\u00adlaut<br>\nder Vere\u00adin\u00adbarung find\u00aden Sie unter: <a href=\"https:\/\/www.facebook.com\/legal\/controller_addendum\">target=\u201c_blank\u201d rel=\u201cnoopener noreferrer\u201d&gt;https:\/\/www.facebook.com\/legal\/controller_addendum<\/a>. Laut<br>\ndieser Vere\u00adin\u00adbarung sind wir f\u00fcr die Erteilung der Daten\u00adschutz\u00adin\u00adfor\u00adma\u00adtio\u00adnen beim Ein\u00adsatz des Face\u00adbook-<br>\nbzw. Insta\u00adgram-Tools und f\u00fcr die daten\u00adschutzrechtlich sichere Imple\u00admen\u00adtierung des Tools auf unser\u00ader<br>\nWeb\u00adsite ver\u00adant\u00adwortlich. F\u00fcr die Daten\u00adsicher\u00adheit der Face\u00adbook bzw. Insta\u00adgram-Pro\u00adduk\u00adte ist Face\u00adbook<br>\nver\u00adant\u00adwortlich. Betrof\u00adfe\u00adnen\u00adrechte (z.&nbsp;B. Auskun\u00adft\u00adser\u00adsuchen) hin\u00adsichtlich der bei Face\u00adbook bzw. Insta\u00adgram<br>\nver\u00adar\u00adbeit\u00adeten Dat\u00aden k\u00f6n\u00adnen Sie direkt bei Face\u00adbook gel\u00adtend machen. Wenn Sie die Betrof\u00adfe\u00adnen\u00adrechte bei uns<br>\ngel\u00adtend machen, sind wir verpflichtet, diese an Face\u00adbook weit\u00aderzuleit\u00aden.<\/p>\n<p>Die Daten\u00fcber\u00adtra\u00adgung in die<br>\nUSA wird auf die Stan\u00addard\u00adver\u00adtragsklauseln der EU-Kom\u00admis\u00adsion gest\u00fctzt. Details find\u00aden Sie hier: <a href=\"https:\/\/www.facebook.com\/legal\/EU_data_transfer_addendum\" target=\"_blank\" rel=\"noopener noreferrer\">https:\/\/www.facebook.com\/legal\/EU_data_transfer_addendum, <\/a><a href=\"https:\/\/privacycenter.instagram.com\/policy\/\" target=\"_blank\" rel=\"noopener noreferrer\">https:\/\/privacycenter.instagram.com\/policy\/ und <\/a><a href=\"https:\/\/de-<br \/>de.facebook.com\/help\/566994660333381\" target=\"_blank\" rel=\"noopener noreferrer\">https:\/\/de-<br>\nde.facebook.com\/help\/566994660333381<\/a><a href=\"https:\/\/privacycenter.instagram.com\/policy\/\" target=\"_blank\" rel=\"noopener noreferrer\">.<\/a><\/p>\n<p>Weit\u00adere Infor\u00adma\u00adtio\u00adnen hierzu find\u00aden Sie in der<br>\nDaten\u00adschutzerk\u00adl\u00e4rung von Insta\u00adgram: <a href=\"https:\/\/privacycenter.instagram.com\/policy\/\" target=\"_blank\" rel=\"noopener\">rel=\u201cnoopener noreferrer\u201d&gt;https:\/\/privacycenter.instagram.com\/policy\/<\/a>.<\/p>\n<p>Das Unternehmen ver\u00adf\u00fcgt \u00fcber eine Zer\u00adti\u00adfizierung nach dem \u201eEU-US Data Pri\u00adva\u00adcy<br>\nFrame\u00adwork\u201c (DPF). Der DPF ist ein \u00dcbereinkom\u00admen zwis\u00adchen der Europ\u00e4is\u00adchen Union und den<br>\nUSA, der die Ein\u00adhal\u00adtung europ\u00e4is\u00adch\u00ader Daten\u00adschutz\u00ads\u00adtan\u00addards bei Daten\u00adver\u00adar\u00adbeitun\u00adgen in den USA<br>\ngew\u00e4hrleis\u00adten soll. Jedes nach dem DPF zer\u00adti\u00adfizierte Unternehmen verpflichtet sich, diese<br>\nDaten\u00adschutz\u00ads\u00adtan\u00addards einzuhal\u00adten. Weit\u00adere Infor\u00adma\u00adtio\u00adnen hierzu erhal\u00adten Sie vom Anbi\u00adeter unter fol\u00adgen\u00addem Link:<br>\n<a href=\"https:\/\/www.dataprivacyframework.gov\/s\/participant-search\/participant-<br \/>detail?contact=true&amp;id=a2zt0000000GnywAAC&amp;status=Active\" target=\"_blank\" rel=\"noopener noreferrer\">https:<br>\n\/\/www.dataprivacyframework.gov\/s\/participant-search\/participant-<br>\ndetail?contact=true&amp;id=a2zt0000000GnywAAC&amp;status=Active<\/a><\/p>\n<h2>6. Plugins und Tools<\/h2>\n<h3>YouTube<\/h3>\n<p>Diese Web\u00adsite bindet Videos der Web\u00adsite YouTube ein. Betreiber der Web\u00adsite ist die<br>\nGoogle Ire\u00adland Lim\u00adit\u00aded (\u201eGoogle\u201c), Gor\u00addon House, Bar\u00adrow Street, Dublin 4, Irland.<\/p>\n<p>Wenn Sie<br>\neine unser\u00ader Web\u00adseit\u00aden besuchen, auf denen YouTube einge\u00adbun\u00adden ist, wird eine Verbindung zu den Servern von<br>\nYouTube hergestellt. Dabei wird dem YouTube-Serv\u00ader mit\u00adgeteilt, welche unser\u00ader Seit\u00aden Sie besucht haben.<\/p>\n<p>Des Weit\u00aderen kann YouTube ver\u00adschiedene Cook\u00adies auf Ihrem Endger\u00e4t spe\u00adich\u00adern oder ver\u00adgle\u00adich\u00adbare<br>\nTech\u00adnolo\u00adgien zur Wieder\u00aderken\u00adnung ver\u00adwen\u00adden (z.&nbsp;B. Device-Fin\u00adger\u00adprint\u00ading). Auf diese Weise kann YouTube<br>\nInfor\u00adma\u00adtio\u00adnen \u00fcber Besuch\u00ader dieser Web\u00adsite erhal\u00adten. Diese Infor\u00adma\u00adtio\u00adnen wer\u00adden u.&nbsp;a. ver\u00adwen\u00addet,<br>\num Video\u00adsta\u00adtis\u00adtiken zu erfassen, die Anwen\u00adder\u00adfre\u00adundlichkeit zu verbessern und Betrugsver\u00adsuchen<br>\nvorzubeu\u00adgen.<\/p>\n<p>Wenn Sie in Ihrem YouTube-Account ein\u00adgel\u00adog\u00adgt sind, erm\u00f6glichen Sie YouTube, Ihr<br>\nSur\u00adfver\u00adhal\u00adten direkt Ihrem per\u00ads\u00f6n\u00adlichen Pro\u00adfil zuzuord\u00adnen. Dies k\u00f6n\u00adnen Sie ver\u00adhin\u00addern, indem Sie sich<br>\naus Ihrem YouTube-Account aus\u00adloggen.<\/p>\n<p>Die Nutzung von YouTube erfol\u00adgt im Inter\u00adesse ein\u00ader<br>\nansprechen\u00adden Darstel\u00adlung unser\u00ader Online-Ange\u00adbote. Dies stellt ein berechtigtes Inter\u00adesse im Sinne von Art. 6 Abs.<br>\n1 lit. f DSGVO dar. Sofern eine entsprechende Ein\u00adwilli\u00adgung abge\u00adfragt wurde, erfol\u00adgt die Ver\u00adar\u00adbeitung<br>\nauss\u00adchlie\u00dflich auf Grund\u00adlage von Art. 6 Abs. 1 lit. a DSGVO und \u00a7 25 Abs. 1 TTDSG, soweit die<br>\nEin\u00adwilli\u00adgung die Spe\u00adicherung von Cook\u00adies oder den Zugriff auf Infor\u00adma\u00adtio\u00adnen im Endger\u00e4t des Nutzers<br>\n(z.&nbsp;B. Device-Fin\u00adger\u00adprint\u00ading) im Sinne des TTDSG umfasst. Die Ein\u00adwilli\u00adgung ist jed\u00aderzeit wider\u00adruf\u00adbar.<\/p>\n<p>Weit\u00adere Infor\u00adma\u00adtio\u00adnen zum Umgang mit Nutzer\u00addat\u00aden find\u00aden Sie in der Daten\u00adschutzerk\u00adl\u00e4rung von<br>\nYouTube unter: <a href=\"https:\/\/policies.google.com\/privacy?hl=de\" target=\"_blank\" rel=\"noopener<br \/>noreferrer noopener\">https:\/\/policies.google.com\/privacy?hl=de<\/a>.<\/p>\n<p>Das Unternehmen ver\u00adf\u00fcgt \u00fcber eine Zer\u00adti\u00adfizierung nach dem \u201eEU-US Data Pri\u00adva\u00adcy<br>\nFrame\u00adwork\u201c (DPF). Der DPF ist ein \u00dcbereinkom\u00admen zwis\u00adchen der Europ\u00e4is\u00adchen Union und den<br>\nUSA, der die Ein\u00adhal\u00adtung europ\u00e4is\u00adch\u00ader Daten\u00adschutz\u00ads\u00adtan\u00addards bei Daten\u00adver\u00adar\u00adbeitun\u00adgen in den USA<br>\ngew\u00e4hrleis\u00adten soll. Jedes nach dem DPF zer\u00adti\u00adfizierte Unternehmen verpflichtet sich, diese<br>\nDaten\u00adschutz\u00ads\u00adtan\u00addards einzuhal\u00adten. Weit\u00adere Infor\u00adma\u00adtio\u00adnen hierzu erhal\u00adten Sie vom Anbi\u00adeter unter fol\u00adgen\u00addem Link:<br>\n<a href=\"https:\/\/www.dataprivacyframework.gov\/s\/participant-search\/participant-<br \/>detail?contact=true&amp;id=a2zt000000001L5AAI&amp;status=Active\" target=\"_blank\" rel=\"noopener noreferrer\">https:\/<br>\n\/www.dataprivacyframework.gov\/s\/participant-search\/participant-<br>\ndetail?contact=true&amp;id=a2zt000000001L5AAI&amp;status=Active<\/a><\/p>\n<h3>Google Fonts (lokales Hosting)<\/h3>\n<p>Diese Seite nutzt zur ein\u00adheitlichen Darstel\u00adlung von Schrif\u00adtarten so<br>\ngenan\u00adnte Google Fonts, die von Google bere\u00adit\u00adgestellt wer\u00adden. Die Google Fonts sind lokal instal\u00adliert. Eine<br>\nVerbindung zu Servern von Google find\u00adet dabei nicht statt.<\/p>\n<p>Weit\u00adere Infor\u00adma\u00adtio\u00adnen zu Google Fonts find\u00aden<br>\nSie unter <a href=\"https:\/\/developers.google.com\/fonts\/faq\" target=\"_blank\" rel=\"noopener<br \/>noreferrer noopener\">https:\/\/developers.google.com\/fonts\/faq<\/a> und in der Daten\u00adschutzerk\u00adl\u00e4rung von Google: <a href=\"https:\/\/policies.google.com\/privacy?hl=de\" target=\"_blank\" rel=\"noopener noreferrer\">https:\/\/policies.google.com\/privacy?hl=de.<\/a><\/p>\n<h3>Font Awesome<\/h3>\n<p>Diese Seite nutzt zur ein\u00adheitlichen Darstel\u00adlung von Schrif\u00adtarten und Sym\u00adbol\u00aden Font<br>\nAwe\u00adsome. Anbi\u00adeter ist die Fonti\u00adcons, Inc., 6 Porter Road Apart\u00adment 3R, Cam\u00adbridge, Mass\u00ada\u00adchu\u00adsetts, USA.<\/p>\n<p>Beim Aufruf ein\u00ader Seite l\u00e4dt Ihr Brows\u00ader die ben\u00f6tigten Fonts in ihren Browser\u00adcache, um Texte,<br>\nSchrif\u00adtarten und Sym\u00adbole kor\u00adrekt anzuzeigen. Zu diesem Zweck muss der von Ihnen ver\u00adwen\u00addete Brows\u00ader<br>\nVerbindung zu den Servern von Font Awe\u00adsome aufnehmen. Hier\u00addurch erlangt Font Awe\u00adsome Ken\u00adnt\u00adnis<br>\ndar\u00fcber, dass \u00fcber Ihre IP-Adresse diese Web\u00adsite aufgerufen wurde. Die Nutzung von Font Awe\u00adsome<br>\nerfol\u00adgt auf Grund\u00adlage von Art. 6 Abs. 1 lit. f DSGVO. Wir haben ein berechtigtes Inter\u00adesse an der ein\u00adheitlichen<br>\nDarstel\u00adlung des Schrift\u00adbildes auf unser\u00ader Web\u00adsite. Sofern eine entsprechende Ein\u00adwilli\u00adgung abge\u00adfragt wurde, erfol\u00adgt<br>\ndie Ver\u00adar\u00adbeitung auss\u00adchlie\u00dflich auf Grund\u00adlage von Art. 6 Abs. 1 lit. a DSGVO und \u00a7 25 Abs. 1 TTDSG,<br>\nsoweit die Ein\u00adwilli\u00adgung die Spe\u00adicherung von Cook\u00adies oder den Zugriff auf Infor\u00adma\u00adtio\u00adnen im Endger\u00e4t des<br>\nNutzers (z.&nbsp;B. Device-Fin\u00adger\u00adprint\u00ading) im Sinne des TTDSG umfasst. Die Ein\u00adwilli\u00adgung ist jed\u00aderzeit<br>\nwider\u00adruf\u00adbar.<\/p>\n<p>Wenn Ihr Brows\u00ader Font Awe\u00adsome nicht unter\u00adst\u00fctzt, wird eine Stan\u00addard\u00adschrift von<br>\nIhrem Com\u00adput\u00ader genutzt.<\/p>\n<p>Weit\u00adere Infor\u00adma\u00adtio\u00adnen zu Font Awe\u00adsome find\u00aden Sie&nbsp;und in der<br>\nDaten\u00adschutzerk\u00adl\u00e4rung von Font Awe\u00adsome unter: <a href=\"https:\/\/fontawesome.com\/privacy\" target=\"_blank\" rel=\"noopener\">rel=\u201cnoopener noreferrer\u201d&gt;https:\/\/fontawesome.com\/privacy<\/a>.<\/p>\n<p>Quelle: <a href=\"https:\/\/www.e-recht24.de\">https:\/\/www.e\u2011recht24.de<\/a><\/p>\n<\/div><\/div><\/div><\/div><\/div>\n","protected":false},"excerpt":{"rendered":"","protected":false},"author":1,"featured_media":0,"parent":0,"menu_order":0,"comment_status":"closed","ping_status":"closed","template":"100-width.php","meta":{"wp_typography_post_enhancements_disabled":false,"footnotes":""},"yoast_head":"<!-- This site is optimized with the Yoast SEO plugin v21.7 - https:\/\/yoast.com\/wordpress\/plugins\/seo\/ -->\n<title>Datenschutz - RMR Performance<\/title>\n<meta name=\"robots\" content=\"index, follow, max-snippet:-1, max-image-preview:large, max-video-preview:-1\" \/>\n<link rel=\"canonical\" href=\"https:\/\/rmr-performance.de\/index.php\/datenschutz\/\" \/>\n<meta property=\"og:locale\" content=\"de_DE\" \/>\n<meta property=\"og:type\" content=\"article\" \/>\n<meta property=\"og:title\" content=\"Datenschutz - RMR Performance\" \/>\n<meta property=\"og:url\" content=\"https:\/\/rmr-performance.de\/index.php\/datenschutz\/\" \/>\n<meta property=\"og:site_name\" content=\"RMR Performance\" \/>\n<meta property=\"article:publisher\" content=\"https:\/\/www.facebook.com\/people\/RMR-Performance\/61554040373223\/\" \/>\n<meta property=\"article:modified_time\" content=\"2023-11-23T19:26:08+00:00\" \/>\n<meta name=\"twitter:card\" content=\"summary_large_image\" \/>\n<meta name=\"twitter:label1\" content=\"Gesch\u00e4tzte Lesezeit\" \/>\n\t<meta name=\"twitter:data1\" content=\"24 Minuten\" \/>\n<script type=\"application\/ld+json\" class=\"yoast-schema-graph\">{\"@context\":\"https:\/\/schema.org\",\"@graph\":[{\"@type\":\"WebPage\",\"@id\":\"https:\/\/rmr-performance.de\/index.php\/datenschutz\/\",\"url\":\"https:\/\/rmr-performance.de\/index.php\/datenschutz\/\",\"name\":\"Datenschutz - RMR Performance\",\"isPartOf\":{\"@id\":\"https:\/\/rmr-performance.de\/#website\"},\"datePublished\":\"2023-11-23T14:29:01+00:00\",\"dateModified\":\"2023-11-23T19:26:08+00:00\",\"breadcrumb\":{\"@id\":\"https:\/\/rmr-performance.de\/index.php\/datenschutz\/#breadcrumb\"},\"inLanguage\":\"de-DE\",\"potentialAction\":[{\"@type\":\"ReadAction\",\"target\":[\"https:\/\/rmr-performance.de\/index.php\/datenschutz\/\"]}]},{\"@type\":\"BreadcrumbList\",\"@id\":\"https:\/\/rmr-performance.de\/index.php\/datenschutz\/#breadcrumb\",\"itemListElement\":[{\"@type\":\"ListItem\",\"position\":1,\"name\":\"Startseite\",\"item\":\"https:\/\/rmr-performance.de\/\"},{\"@type\":\"ListItem\",\"position\":2,\"name\":\"Datenschutz\"}]},{\"@type\":\"WebSite\",\"@id\":\"https:\/\/rmr-performance.de\/#website\",\"url\":\"https:\/\/rmr-performance.de\/\",\"name\":\"RMR Performance\",\"description\":\"Kfz - Teile &amp; Mehr\",\"publisher\":{\"@id\":\"https:\/\/rmr-performance.de\/#organization\"},\"potentialAction\":[{\"@type\":\"SearchAction\",\"target\":{\"@type\":\"EntryPoint\",\"urlTemplate\":\"https:\/\/rmr-performance.de\/?s={search_term_string}\"},\"query-input\":\"required name=search_term_string\"}],\"inLanguage\":\"de-DE\"},{\"@type\":\"Organization\",\"@id\":\"https:\/\/rmr-performance.de\/#organization\",\"name\":\"RMR Performance\",\"url\":\"https:\/\/rmr-performance.de\/\",\"logo\":{\"@type\":\"ImageObject\",\"inLanguage\":\"de-DE\",\"@id\":\"https:\/\/rmr-performance.de\/#\/schema\/logo\/image\/\",\"url\":\"https:\/\/rmr-performance.de\/wp-content\/uploads\/2023\/10\/customcolor_logo_customcolor_background.png\",\"contentUrl\":\"https:\/\/rmr-performance.de\/wp-content\/uploads\/2023\/10\/customcolor_logo_customcolor_background.png\",\"width\":3125,\"height\":1875,\"caption\":\"RMR Performance\"},\"image\":{\"@id\":\"https:\/\/rmr-performance.de\/#\/schema\/logo\/image\/\"},\"sameAs\":[\"https:\/\/www.facebook.com\/people\/RMR-Performance\/61554040373223\/\",\"https:\/\/www.instagram.com\/rmrperformance23\/\"]}]}<\/script>\n<!-- \/ Yoast SEO plugin. -->","yoast_head_json":{"title":"Datenschutz - RMR Performance","robots":{"index":"index","follow":"follow","max-snippet":"max-snippet:-1","max-image-preview":"max-image-preview:large","max-video-preview":"max-video-preview:-1"},"canonical":"https:\/\/rmr-performance.de\/index.php\/datenschutz\/","og_locale":"de_DE","og_type":"article","og_title":"Datenschutz - RMR Performance","og_url":"https:\/\/rmr-performance.de\/index.php\/datenschutz\/","og_site_name":"RMR Performance","article_publisher":"https:\/\/www.facebook.com\/people\/RMR-Performance\/61554040373223\/","article_modified_time":"2023-11-23T19:26:08+00:00","twitter_card":"summary_large_image","twitter_misc":{"Gesch\u00e4tzte Lesezeit":"24 Minuten"},"schema":{"@context":"https:\/\/schema.org","@graph":[{"@type":"WebPage","@id":"https:\/\/rmr-performance.de\/index.php\/datenschutz\/","url":"https:\/\/rmr-performance.de\/index.php\/datenschutz\/","name":"Datenschutz - RMR Performance","isPartOf":{"@id":"https:\/\/rmr-performance.de\/#website"},"datePublished":"2023-11-23T14:29:01+00:00","dateModified":"2023-11-23T19:26:08+00:00","breadcrumb":{"@id":"https:\/\/rmr-performance.de\/index.php\/datenschutz\/#breadcrumb"},"inLanguage":"de-DE","potentialAction":[{"@type":"ReadAction","target":["https:\/\/rmr-performance.de\/index.php\/datenschutz\/"]}]},{"@type":"BreadcrumbList","@id":"https:\/\/rmr-performance.de\/index.php\/datenschutz\/#breadcrumb","itemListElement":[{"@type":"ListItem","position":1,"name":"Startseite","item":"https:\/\/rmr-performance.de\/"},{"@type":"ListItem","position":2,"name":"Datenschutz"}]},{"@type":"WebSite","@id":"https:\/\/rmr-performance.de\/#website","url":"https:\/\/rmr-performance.de\/","name":"RMR Performance","description":"Kfz - Teile &amp; Mehr","publisher":{"@id":"https:\/\/rmr-performance.de\/#organization"},"potentialAction":[{"@type":"SearchAction","target":{"@type":"EntryPoint","urlTemplate":"https:\/\/rmr-performance.de\/?s={search_term_string}"},"query-input":"required name=search_term_string"}],"inLanguage":"de-DE"},{"@type":"Organization","@id":"https:\/\/rmr-performance.de\/#organization","name":"RMR Performance","url":"https:\/\/rmr-performance.de\/","logo":{"@type":"ImageObject","inLanguage":"de-DE","@id":"https:\/\/rmr-performance.de\/#\/schema\/logo\/image\/","url":"https:\/\/rmr-performance.de\/wp-content\/uploads\/2023\/10\/customcolor_logo_customcolor_background.png","contentUrl":"https:\/\/rmr-performance.de\/wp-content\/uploads\/2023\/10\/customcolor_logo_customcolor_background.png","width":3125,"height":1875,"caption":"RMR Performance"},"image":{"@id":"https:\/\/rmr-performance.de\/#\/schema\/logo\/image\/"},"sameAs":["https:\/\/www.facebook.com\/people\/RMR-Performance\/61554040373223\/","https:\/\/www.instagram.com\/rmrperformance23\/"]}]}},"_links":{"self":[{"href":"https:\/\/rmr-performance.de\/index.php\/wp-json\/wp\/v2\/pages\/5738"}],"collection":[{"href":"https:\/\/rmr-performance.de\/index.php\/wp-json\/wp\/v2\/pages"}],"about":[{"href":"https:\/\/rmr-performance.de\/index.php\/wp-json\/wp\/v2\/types\/page"}],"author":[{"embeddable":true,"href":"https:\/\/rmr-performance.de\/index.php\/wp-json\/wp\/v2\/users\/1"}],"replies":[{"embeddable":true,"href":"https:\/\/rmr-performance.de\/index.php\/wp-json\/wp\/v2\/comments?post=5738"}],"version-history":[{"count":2,"href":"https:\/\/rmr-performance.de\/index.php\/wp-json\/wp\/v2\/pages\/5738\/revisions"}],"predecessor-version":[{"id":5762,"href":"https:\/\/rmr-performance.de\/index.php\/wp-json\/wp\/v2\/pages\/5738\/revisions\/5762"}],"wp:attachment":[{"href":"https:\/\/rmr-performance.de\/index.php\/wp-json\/wp\/v2\/media?parent=5738"}],"curies":[{"name":"wp","href":"https:\/\/api.w.org\/{rel}","templated":true}]}}